{"id":56012,"date":"2025-09-11T15:34:04","date_gmt":"2025-09-11T19:34:04","guid":{"rendered":"https:\/\/www.bates.edu\/student-affairs\/?page_id=56012"},"modified":"2025-11-18T12:55:16","modified_gmt":"2025-11-18T17:55:16","slug":"international-education-week-events","status":"publish","type":"page","link":"https:\/\/www.bates.edu\/student-affairs\/international-education-week-events\/","title":{"rendered":"International Education Week Events"},"content":{"rendered":"\n<figure class=\"wp-block-image size-full\"><a href=\"https:\/\/www.bates.edu\/student-affairs\/files\/2025\/10\/IEW-Image.webp\"><img loading=\"lazy\" decoding=\"async\" width=\"873\" height=\"372\" src=\"https:\/\/www.bates.edu\/student-affairs\/files\/2025\/10\/IEW-Image.webp\" alt=\"IEW HEader\" class=\"wp-image-56294\" srcset=\"https:\/\/www.bates.edu\/student-affairs\/files\/2025\/10\/IEW-Image.webp 873w, https:\/\/www.bates.edu\/student-affairs\/files\/2025\/10\/IEW-Image-400x170.webp 400w, https:\/\/www.bates.edu\/student-affairs\/files\/2025\/10\/IEW-Image-768x327.webp 768w\" sizes=\"(max-width: 873px) 100vw, 873px\" \/><\/a><\/figure>\n\n\n\n<h5 class=\"wp-block-heading has-blue-color has-text-color has-link-color wp-elements-2b0545dc3333e3bb224d0ffecbbd197f\"><\/h5>\n\n\n\n<div style=\"height:26px\" aria-hidden=\"true\" class=\"wp-block-spacer\"><\/div>\n\n\n<div class=\"bates-events bates-events-upcoming-events bates-events-list bates-events-style-default  \"><p class=\"_no-events\"><i style=\"color:hsl(0,0%,36%);\">There are no events to display.<\/i><\/p><\/div>\n\n\n<h6 class=\"wp-block-heading\" id=\"EventsByDate\">2025 &#8211; Past Events<\/h6>\n\n\n<div class=\"bates-events bates-events-past-events bates-events-list bates-events-style-default  \"><div class=\"bates-events-day-wrapper\"><div class=\"event-in-row bates_events-event\">\n\n\t\t\t<div class=\"event-image\"><img decoding=\"async\" src=\"https:\/\/www.bates.edu\/student-affairs\/files\/2025\/09\/JLT.webp\"  alt=\"Any speakers of Japanese (whether or not you study Japanese at Bates) are welcome to&hellip;\"><\/div>\n\n\t\t\t<div class=\"date-header\"><span class=\"_weekday\">Thursday<\/span> <span class=\"_month\">Nov<\/span> <span class=\"_day-of-month\">20<\/span> <span class=\"calendar-year\">2025<\/span><\/div>\n\n\t\t\t<div class=\"event-details\">\n\t\t\t\t<h4 class=\"event-title\">\n\t\t\t\t\t<a href=\"https:\/\/www.bates.edu\/student-affairs\/events\/japanese-language-table-4\/\">\n\t\t\t\t\t\tJapanese Language Table\n\t\t\t\t\t<\/a>\n\t\t\t\t<\/h4>\n\t\t\t\t<div class=\"event-description\">\n\t\t\t\t\t<p class=\"event-times\">6:00 pm<\/p> \n\t\t\t\t\t\n\n\n<p>Any speakers of Japanese (whether or not you study Japanese at Bates) are welcome to come and have conversation in Japanese!<\/p>\n\n\n\n<figure class=\"wp-block-image size-full\"><a href=\"https:\/\/www.bates.edu\/student-affairs\/files\/2025\/09\/JLT.webp\"><img loading=\"lazy\" decoding=\"async\" width=\"578\" height=\"266\" src=\"https:\/\/www.bates.edu\/student-affairs\/files\/2025\/09\/JLT.webp\" alt=\"Japanese Language Table Image\" class=\"wp-image-56046\" srcset=\"https:\/\/www.bates.edu\/student-affairs\/files\/2025\/09\/JLT.webp 578w, https:\/\/www.bates.edu\/student-affairs\/files\/2025\/09\/JLT-400x184.webp 400w, https:\/\/www.bates.edu\/student-affairs\/files\/2025\/09\/JLT-200x92.webp 200w\" sizes=\"(max-width: 578px) 100vw, 578px\" \/><\/a><\/figure>\n\n\t\t\t\t<\/div>\n\t\t\t<\/div>\n\t\t<\/div>\n\t\t<div class=\"event-in-row bates_events-event\">\n\n\t\t\t<div class=\"event-image\"><img decoding=\"async\" src=\"https:\/\/www.bates.edu\/student-affairs\/files\/2025\/10\/Screenshot-2025-10-27-132640.webp\"  alt=\"The International  Club is excited to announce that this year they will be hosting&hellip;\"><\/div>\n\n\t\t\t<div class=\"date-header\"><span class=\"_weekday\">Thursday<\/span> <span class=\"_month\">Nov<\/span> <span class=\"_day-of-month\">20<\/span> <span class=\"calendar-year\">2025<\/span><\/div>\n\n\t\t\t<div class=\"event-details\">\n\t\t\t\t<h4 class=\"event-title\">\n\t\t\t\t\t<a href=\"https:\/\/www.bates.edu\/student-affairs\/events\/cultural-performance-showcase\/\">\n\t\t\t\t\t\tCultural Showcase\n\t\t\t\t\t<\/a>\n\t\t\t\t<\/h4>\n\t\t\t\t<div class=\"event-description\">\n\t\t\t\t\t<p class=\"event-times\">7:00 pm<\/p> \n\t\t\t\t\tThe International  Club is excited to announce that this year they will be hosting the Cultural Showcase! &#x1f389;This event brings our community together to celebrate the rich cultural diversity&hellip;\n\t\t\t\t<\/div>\n\t\t\t<\/div>\n\t\t<\/div>\n\t\t<\/div><!-- .bates-events-day-wrapper --><div class=\"bates-events-day-wrapper\"><div class=\"event-in-row bates_events-event\">\n\n\t\t\t<div class=\"event-image\"><img decoding=\"async\" src=\"https:\/\/www.bates.edu\/student-affairs\/files\/2025\/09\/Off-Campus-Advising.webp\"  alt=\"Meet with a student Global Ambassadors to talk about opportunities for off-campus study abroad and&hellip;\"><\/div>\n\n\t\t\t<div class=\"date-header\"><span class=\"_weekday\">Wednesday<\/span> <span class=\"_month\">Nov<\/span> <span class=\"_day-of-month\">19<\/span> <span class=\"calendar-year\">2025<\/span><\/div>\n\n\t\t\t<div class=\"event-details\">\n\t\t\t\t<h4 class=\"event-title\">\n\t\t\t\t\t<a href=\"https:\/\/www.bates.edu\/student-affairs\/events\/drop-in-advising-for-off-campus-study-5\/\">\n\t\t\t\t\t\tDrop-In Advising for Off-Campus Study\n\t\t\t\t\t<\/a>\n\t\t\t\t<\/h4>\n\t\t\t\t<div class=\"event-description\">\n\t\t\t\t\t<p class=\"event-times\">10:00 am<\/p> \n\t\t\t\t\tMeet with a student Global Ambassadors to talk about opportunities for off-campus study abroad and in the U.S. Bring your questions and figure out how to get started!\n\n\n\n10AM &#8211; 12PM&hellip;\n\t\t\t\t<\/div>\n\t\t\t<\/div>\n\t\t<\/div>\n\t\t<div class=\"event-in-row bates_events-event\">\n\n\t\t\t<div class=\"event-image\"><img decoding=\"async\" src=\"https:\/\/www.bates.edu\/student-affairs\/files\/2025\/11\/Screenshot-2025-11-10-083007.webp\"  alt=\"Register for the Info Session\n\n\n\n\nIFSA - Study in Sri Lanka: Research ProgramLooking for a unique&hellip;\"><\/div>\n\n\t\t\t<div class=\"date-header\"><span class=\"_weekday\">Wednesday<\/span> <span class=\"_month\">Nov<\/span> <span class=\"_day-of-month\">19<\/span> <span class=\"calendar-year\">2025<\/span><\/div>\n\n\t\t\t<div class=\"event-details\">\n\t\t\t\t<h4 class=\"event-title\">\n\t\t\t\t\t<a href=\"https:\/\/www.bates.edu\/student-affairs\/events\/info-session-study-abroad-in-sri-lanka\/\">\n\t\t\t\t\t\tInfo Session: Study Abroad in Sri Lanka\n\t\t\t\t\t<\/a>\n\t\t\t\t<\/h4>\n\t\t\t\t<div class=\"event-description\">\n\t\t\t\t\t<p class=\"event-times\">1:00 pm<\/p> \n\t\t\t\t\tRegister for the Info Session\n\n\n\n\nIFSA &#8211; Study in Sri Lanka: Research ProgramLooking for a unique study abroad experience that immerses you in Southeast Asian traditions? Join us to learn about&hellip;\n\t\t\t\t<\/div>\n\t\t\t<\/div>\n\t\t<\/div>\n\t\t<\/div><!-- .bates-events-day-wrapper --><div class=\"bates-events-day-wrapper\"><div class=\"event-in-row bates_events-event\">\n\n\t\t\t<div class=\"event-image\"><img decoding=\"async\" src=\"https:\/\/www.bates.edu\/student-affairs\/files\/2025\/09\/Off-Campus-Advising.webp\"  alt=\"Meet with a student Global Ambassadors to talk about opportunities for off-campus study abroad and&hellip;\"><\/div>\n\n\t\t\t<div class=\"date-header\"><span class=\"_weekday\">Tuesday<\/span> <span class=\"_month\">Nov<\/span> <span class=\"_day-of-month\">18<\/span> <span class=\"calendar-year\">2025<\/span><\/div>\n\n\t\t\t<div class=\"event-details\">\n\t\t\t\t<h4 class=\"event-title\">\n\t\t\t\t\t<a href=\"https:\/\/www.bates.edu\/student-affairs\/events\/drop-in-advising-for-off-campus-study-4\/\">\n\t\t\t\t\t\tDrop-In Advising for Off-Campus Study\n\t\t\t\t\t<\/a>\n\t\t\t\t<\/h4>\n\t\t\t\t<div class=\"event-description\">\n\t\t\t\t\t<p class=\"event-times\">2:00 pm<\/p> \n\t\t\t\t\tMeet with a student Global Ambassadors to talk about opportunities for off-campus study abroad and in the U.S. Bring your questions and figure out how to get started!\n\n\n\n2-4PM | Center&hellip;\n\t\t\t\t<\/div>\n\t\t\t<\/div>\n\t\t<\/div>\n\t\t<div class=\"event-in-row bates_events-event\">\n\n\t\t\t<div class=\"event-image\"><img decoding=\"async\" src=\"https:\/\/www.bates.edu\/student-affairs\/files\/2025\/10\/Middlebury.webp\"  alt=\"Register to join this webinar to learn more about the language-focused study abroad programs and&hellip;\"><\/div>\n\n\t\t\t<div class=\"date-header\"><span class=\"_weekday\">Tuesday<\/span> <span class=\"_month\">Nov<\/span> <span class=\"_day-of-month\">18<\/span> <span class=\"calendar-year\">2025<\/span><\/div>\n\n\t\t\t<div class=\"event-details\">\n\t\t\t\t<h4 class=\"event-title\">\n\t\t\t\t\t<a href=\"https:\/\/www.bates.edu\/student-affairs\/events\/middlebury-language-schools-info-session\/\">\n\t\t\t\t\t\tMiddlebury Language Schools Info Session\n\t\t\t\t\t<\/a>\n\t\t\t\t<\/h4>\n\t\t\t\t<div class=\"event-description\">\n\t\t\t\t\t<p class=\"event-times\">7:30 pm<\/p> \n\t\t\t\t\tRegister to join this webinar to learn more about the language-focused study abroad programs and language schools offered by Middlebury College &#8211; around the world and in Vermont. Representatives from&hellip;\n\t\t\t\t<\/div>\n\t\t\t<\/div>\n\t\t<\/div>\n\t\t<\/div><!-- .bates-events-day-wrapper --><div class=\"bates-events-day-wrapper\"><div class=\"event-in-row bates_events-event\">\n\n\t\t\t<div class=\"event-image\"><img decoding=\"async\" src=\"https:\/\/www.bates.edu\/student-affairs\/files\/2025\/09\/GLT.webp\"  alt=\"Come practice your German or pick up your first words. All are welcome to attend.&hellip;\"><\/div>\n\n\t\t\t<div class=\"date-header\"><span class=\"_weekday\">Monday<\/span> <span class=\"_month\">Nov<\/span> <span class=\"_day-of-month\">17<\/span> <span class=\"calendar-year\">2025<\/span><\/div>\n\n\t\t\t<div class=\"event-details\">\n\t\t\t\t<h4 class=\"event-title\">\n\t\t\t\t\t<a href=\"https:\/\/www.bates.edu\/student-affairs\/events\/german-language-table-2\/\">\n\t\t\t\t\t\tGerman Language Table\n\t\t\t\t\t<\/a>\n\t\t\t\t<\/h4>\n\t\t\t\t<div class=\"event-description\">\n\t\t\t\t\t<p class=\"event-times\">12:00 pm<\/p> \n\t\t\t\t\t\n\n\n<p>Come practice your German or pick up your first words. All are welcome to attend. <br>Mondays 12-1 | Commons 211<\/p>\n\n\n\n<figure class=\"wp-block-image size-full\"><a href=\"https:\/\/www.bates.edu\/student-affairs\/files\/2025\/09\/GLT.webp\"><img loading=\"lazy\" decoding=\"async\" width=\"876\" height=\"458\" src=\"https:\/\/www.bates.edu\/student-affairs\/files\/2025\/09\/GLT.webp\" alt=\"GLT Generic Image\" class=\"wp-image-56095\" srcset=\"https:\/\/www.bates.edu\/student-affairs\/files\/2025\/09\/GLT.webp 876w, https:\/\/www.bates.edu\/student-affairs\/files\/2025\/09\/GLT-400x209.webp 400w, https:\/\/www.bates.edu\/student-affairs\/files\/2025\/09\/GLT-768x402.webp 768w, https:\/\/www.bates.edu\/student-affairs\/files\/2025\/09\/GLT-200x105.webp 200w\" sizes=\"(max-width: 876px) 100vw, 876px\" \/><\/a><\/figure>\n\n\t\t\t\t<\/div>\n\t\t\t<\/div>\n\t\t<\/div>\n\t\t<div class=\"event-in-row bates_events-event\">\n\n\t\t\t<div class=\"event-image\"><img decoding=\"async\" src=\"https:\/\/www.bates.edu\/student-affairs\/files\/2025\/09\/SLT-900x506.webp\"  alt=\"Come practice your Spanish or learn your first words! All levels are welcome. \n\n\n\nCommons Fishbowl&hellip;\"><\/div>\n\n\t\t\t<div class=\"date-header\"><span class=\"_weekday\">Monday<\/span> <span class=\"_month\">Nov<\/span> <span class=\"_day-of-month\">17<\/span> <span class=\"calendar-year\">2025<\/span><\/div>\n\n\t\t\t<div class=\"event-details\">\n\t\t\t\t<h4 class=\"event-title\">\n\t\t\t\t\t<a href=\"https:\/\/www.bates.edu\/student-affairs\/events\/spanish-language-table-2\/\">\n\t\t\t\t\t\tSpanish Language Table\n\t\t\t\t\t<\/a>\n\t\t\t\t<\/h4>\n\t\t\t\t<div class=\"event-description\">\n\t\t\t\t\t<p class=\"event-times\">5:30 pm<\/p> \n\t\t\t\t\t\n\n\n<p>Come practice your Spanish or learn your first words! All levels are welcome. <\/p>\n\n\n\n<p>Commons Fishbowl Room<\/p>\n\n\n\n<figure class=\"wp-block-image size-large\"><a href=\"https:\/\/www.bates.edu\/student-affairs\/files\/2025\/09\/SLT.webp\"><img loading=\"lazy\" decoding=\"async\" width=\"900\" height=\"506\" src=\"https:\/\/www.bates.edu\/student-affairs\/files\/2025\/09\/SLT-900x506.webp\" alt=\"SLT Generic Image\" class=\"wp-image-56100\" srcset=\"https:\/\/www.bates.edu\/student-affairs\/files\/2025\/09\/SLT-900x506.webp 900w, https:\/\/www.bates.edu\/student-affairs\/files\/2025\/09\/SLT-400x225.webp 400w, https:\/\/www.bates.edu\/student-affairs\/files\/2025\/09\/SLT-768x432.webp 768w, https:\/\/www.bates.edu\/student-affairs\/files\/2025\/09\/SLT-1116x628.jpg 1116w, https:\/\/www.bates.edu\/student-affairs\/files\/2025\/09\/SLT-1536x864.webp 1536w, https:\/\/www.bates.edu\/student-affairs\/files\/2025\/09\/SLT-200x113.webp 200w, https:\/\/www.bates.edu\/student-affairs\/files\/2025\/09\/SLT.webp 1920w\" sizes=\"(max-width: 900px) 100vw, 900px\" \/><\/a><\/figure>\n\n\t\t\t\t<\/div>\n\t\t\t<\/div>\n\t\t<\/div>\n\t\t<\/div><!-- .bates-events-day-wrapper --><div class=\"bates-events-day-wrapper\"><div class=\"event-in-row bates_events-event\">\n\n\t\t\t<div class=\"event-image\"><img decoding=\"async\" src=\"https:\/\/www.bates.edu\/student-affairs\/files\/2025\/10\/Screenshot-2025-10-24-122644.webp\"  alt=\"Register by Nov. 7 to bring a dish. We\u2019re hosting\u00a0Global Eats Potluck, a cozy event&hellip;\"><\/div>\n\n\t\t\t<div class=\"date-header\"><span class=\"_weekday\">Saturday<\/span> <span class=\"_month\">Nov<\/span> <span class=\"_day-of-month\">15<\/span> <span class=\"calendar-year\">2025<\/span><\/div>\n\n\t\t\t<div class=\"event-details\">\n\t\t\t\t<h4 class=\"event-title\">\n\t\t\t\t\t<a href=\"https:\/\/www.bates.edu\/student-affairs\/events\/global-eats-potluck\/\">\n\t\t\t\t\t\tGlobal Eats Potluck\n\t\t\t\t\t<\/a>\n\t\t\t\t<\/h4>\n\t\t\t\t<div class=\"event-description\">\n\t\t\t\t\t<p class=\"event-times\">7:00 pm<\/p> \n\t\t\t\t\tRegister by Nov. 7 to bring a dish. We\u2019re hosting\u00a0Global Eats Potluck, a cozy event where Batesies meet through food. Think mini\u2013International Dinner, but you&#8217;re\u00a0a part of the show. Bring&hellip;\n\t\t\t\t<\/div>\n\t\t\t<\/div>\n\t\t<\/div>\n\t\t<div class=\"event-in-row bates_events-event\">\n\n\t\t\t<div class=\"event-image\"><img decoding=\"async\" src=\"https:\/\/www.bates.edu\/student-affairs\/files\/2025\/10\/Orchestra-900x602.webp\"  alt=\"Visit the Music Dept. for Tickets and Live Stream Information\n\n\n\n\n\n\n\n\n\n\n\n\nPresented By: The Bates Department of&hellip;\"><\/div>\n\n\t\t\t<div class=\"date-header\"><span class=\"_weekday\">Saturday<\/span> <span class=\"_month\">Nov<\/span> <span class=\"_day-of-month\">15<\/span> <span class=\"calendar-year\">2025<\/span><\/div>\n\n\t\t\t<div class=\"event-details\">\n\t\t\t\t<h4 class=\"event-title\">\n\t\t\t\t\t<a href=\"https:\/\/www.bates.edu\/student-affairs\/events\/bates-college-orchestra\/\">\n\t\t\t\t\t\tBates College Orchestra\n\t\t\t\t\t<\/a>\n\t\t\t\t<\/h4>\n\t\t\t\t<div class=\"event-description\">\n\t\t\t\t\t<p class=\"event-times\">7:30 pm<\/p> \n\t\t\t\t\tVisit the Music Dept. for Tickets and Live Stream Information\n\n\n\n\n\n\n\n\n\n\n\n\nPresented By: The Bates Department of Music: The Bates College Orchestra performs the Bart\u00f3k Romanian Folk Dances and Dvo\u0159\u00e1k\u2019s Symphony No.&hellip;\n\t\t\t\t<\/div>\n\t\t\t<\/div>\n\t\t<\/div>\n\t\t<\/div><!-- .bates-events-day-wrapper --><div class=\"bates-events-day-wrapper\"><div class=\"event-in-row bates_events-event\">\n\n\t\t\t<div class=\"event-image\"><img decoding=\"async\" src=\"https:\/\/www.bates.edu\/student-affairs\/files\/2025\/09\/French.webp\"  alt=\"Join your fellow bobcats to practice your French language skills. All levels welcome!\"><\/div>\n\n\t\t\t<div class=\"date-header\"><span class=\"_weekday\">Friday<\/span> <span class=\"_month\">Nov<\/span> <span class=\"_day-of-month\">14<\/span> <span class=\"calendar-year\">2025<\/span><\/div>\n\n\t\t\t<div class=\"event-details\">\n\t\t\t\t<h4 class=\"event-title\">\n\t\t\t\t\t<a href=\"https:\/\/www.bates.edu\/student-affairs\/events\/french-language-table-2\/\">\n\t\t\t\t\t\tFrench Language Table\n\t\t\t\t\t<\/a>\n\t\t\t\t<\/h4>\n\t\t\t\t<div class=\"event-description\">\n\t\t\t\t\t<p class=\"event-times\">12:00 pm<\/p> \n\t\t\t\t\t\n\n\n<p>Join your fellow bobcats to practice your French language skills. All levels welcome!<\/p>\n\n\n\n<figure class=\"wp-block-image size-full\"><a href=\"https:\/\/www.bates.edu\/student-affairs\/files\/2025\/09\/French.webp\"><img loading=\"lazy\" decoding=\"async\" width=\"579\" height=\"270\" src=\"https:\/\/www.bates.edu\/student-affairs\/files\/2025\/09\/French.webp\" alt=\"FLT Generic Image\" class=\"wp-image-55999\" srcset=\"https:\/\/www.bates.edu\/student-affairs\/files\/2025\/09\/French.webp 579w, https:\/\/www.bates.edu\/student-affairs\/files\/2025\/09\/French-400x187.webp 400w\" sizes=\"(max-width: 579px) 100vw, 579px\" \/><\/a><\/figure>\n\n\t\t\t\t<\/div>\n\t\t\t<\/div>\n\t\t<\/div>\n\t\t<div class=\"event-in-row bates_events-event\">\n\n\t\t\t<div class=\"event-image\"><img decoding=\"async\" src=\"https:\/\/www.bates.edu\/student-affairs\/files\/2025\/10\/Nov.-14-Asian-Studies-900x599.webp\"  alt=\"Join Zhenzhen Lu and Emma Hsu from the Asian Studies Department for this easy and&hellip;\"><\/div>\n\n\t\t\t<div class=\"date-header\"><span class=\"_weekday\">Friday<\/span> <span class=\"_month\">Nov<\/span> <span class=\"_day-of-month\">14<\/span> <span class=\"calendar-year\">2025<\/span><\/div>\n\n\t\t\t<div class=\"event-details\">\n\t\t\t\t<h4 class=\"event-title\">\n\t\t\t\t\t<a href=\"https:\/\/www.bates.edu\/student-affairs\/events\/douhua-soymilk-pudding-making-workshop\/\">\n\t\t\t\t\t\tDouhua\/Soymilk Pudding Making Workshop\n\t\t\t\t\t<\/a>\n\t\t\t\t<\/h4>\n\t\t\t\t<div class=\"event-description\">\n\t\t\t\t\t<p class=\"event-times\">4:00 pm<\/p> \n\t\t\t\t\tJoin Zhenzhen Lu and Emma Hsu from the Asian Studies Department for this easy and fun workshop to show how to make Douhua \/ Soymilk Pudding, a common dish across&hellip;\n\t\t\t\t<\/div>\n\t\t\t<\/div>\n\t\t<\/div>\n\t\t<\/div><!-- .bates-events-day-wrapper --><div class=\"bates-events-day-wrapper\"><div class=\"event-in-row bates_events-event\">\n\n\t\t\t<div class=\"event-image\"><img decoding=\"async\" src=\"https:\/\/www.bates.edu\/student-affairs\/files\/2025\/10\/Screenshot-2025-10-27-092526.webp\"  alt=\"Register to Attend\n\n\n\n\nIn the ever-racing pace of Bates, take a moment to breathe in community.&hellip;\"><\/div>\n\n\t\t\t<div class=\"date-header\"><span class=\"_weekday\">Thursday<\/span> <span class=\"_month\">Nov<\/span> <span class=\"_day-of-month\">13<\/span> <span class=\"calendar-year\">2025<\/span><\/div>\n\n\t\t\t<div class=\"event-details\">\n\t\t\t\t<h4 class=\"event-title\">\n\t\t\t\t\t<a href=\"https:\/\/www.bates.edu\/student-affairs\/events\/multifaith-chaplaincy-banquet\/\">\n\t\t\t\t\t\tMultifaith Chaplaincy Banquet\n\t\t\t\t\t<\/a>\n\t\t\t\t<\/h4>\n\t\t\t\t<div class=\"event-description\">\n\t\t\t\t\t<p class=\"event-times\">6:00 pm<\/p> \n\t\t\t\t\tRegister to Attend\n\n\n\n\nIn the ever-racing pace of Bates, take a moment to breathe in community. Listen to the stories of others until you find yourself reflected in them. Embrace how&hellip;\n\t\t\t\t<\/div>\n\t\t\t<\/div>\n\t\t<\/div>\n\t\t<div class=\"event-in-row bates_events-event\">\n\n\t\t\t<div class=\"event-image\"><img decoding=\"async\" src=\"https:\/\/www.bates.edu\/student-affairs\/files\/2025\/10\/5288cb2743718fd5b2f68b87d159de3d.webp\"  alt=\"Ready to see the world without leaving campus? &#x1f30e;&#x2708;&#xfe0f;\n\n\n\nJoin us for a special evening celebrating&hellip;\"><\/div>\n\n\t\t\t<div class=\"date-header\"><span class=\"_weekday\">Thursday<\/span> <span class=\"_month\">Nov<\/span> <span class=\"_day-of-month\">13<\/span> <span class=\"calendar-year\">2025<\/span><\/div>\n\n\t\t\t<div class=\"event-details\">\n\t\t\t\t<h4 class=\"event-title\">\n\t\t\t\t\t<a href=\"https:\/\/www.bates.edu\/student-affairs\/events\/global-ed-presentation-night\/\">\n\t\t\t\t\t\tGlobal Ed Presentation Night\n\t\t\t\t\t<\/a>\n\t\t\t\t<\/h4>\n\t\t\t\t<div class=\"event-description\">\n\t\t\t\t\t<p class=\"event-times\">7:00 pm<\/p> \n\t\t\t\t\tReady to see the world without leaving campus? &#x1f30e;&#x2708;&#xfe0f;\n\n\n\nJoin us for a special evening celebrating global cultures! Hear from our international students sharing the inside story of their home countries,&hellip;\n\t\t\t\t<\/div>\n\t\t\t<\/div>\n\t\t<\/div>\n\t\t<\/div><!-- .bates-events-day-wrapper --><div class=\"bates-events-day-wrapper\"><div class=\"event-in-row bates_events-event\">\n\n\t\t\t<div class=\"event-image\"><img decoding=\"async\" src=\"https:\/\/www.bates.edu\/student-affairs\/files\/2025\/10\/Screenshot-2025-10-31-161259.webp\"  alt=\"Join the Student Center for Belonging &amp; Community as we celebrate International Education Week with&hellip;\"><\/div>\n\n\t\t\t<div class=\"date-header\"><span class=\"_weekday\">Wednesday<\/span> <span class=\"_month\">Nov<\/span> <span class=\"_day-of-month\">12<\/span> <span class=\"calendar-year\">2025<\/span><\/div>\n\n\t\t\t<div class=\"event-details\">\n\t\t\t\t<h4 class=\"event-title\">\n\t\t\t\t\t<a href=\"https:\/\/www.bates.edu\/student-affairs\/events\/scbc-global-gathering\/\">\n\t\t\t\t\t\tSCBC Global Gathering\n\t\t\t\t\t<\/a>\n\t\t\t\t<\/h4>\n\t\t\t\t<div class=\"event-description\">\n\t\t\t\t\t<p class=\"event-times\">2:30 pm<\/p> \n\t\t\t\t\tJoin the Student Center for Belonging &amp; Community as we celebrate International Education Week with flavors from around the world! Sample snacks and drinks shared by SCBC staff representing their&hellip;\n\t\t\t\t<\/div>\n\t\t\t<\/div>\n\t\t<\/div>\n\t\t<div class=\"event-in-row bates_events-event\">\n\n\t\t\t<div class=\"event-image\"><img decoding=\"async\" src=\"https:\/\/www.bates.edu\/student-affairs\/files\/2025\/09\/Screenshot-2025-09-18-122038.webp\"  alt=\"Join us to practice your Russian over dinner in a fun and relaxing setting.\u00a0Every Wednesday&hellip;\"><\/div>\n\n\t\t\t<div class=\"date-header\"><span class=\"_weekday\">Wednesday<\/span> <span class=\"_month\">Nov<\/span> <span class=\"_day-of-month\">12<\/span> <span class=\"calendar-year\">2025<\/span><\/div>\n\n\t\t\t<div class=\"event-details\">\n\t\t\t\t<h4 class=\"event-title\">\n\t\t\t\t\t<a href=\"https:\/\/www.bates.edu\/student-affairs\/events\/russian-tables\/\">\n\t\t\t\t\t\tRussian Language Table\n\t\t\t\t\t<\/a>\n\t\t\t\t<\/h4>\n\t\t\t\t<div class=\"event-description\">\n\t\t\t\t\t<p class=\"event-times\">5:00 pm<\/p> \n\t\t\t\t\t\n\n\n<p>Join us to practice your Russian over dinner in a fun and relaxing setting.\u00a0<br>Every Wednesday 5:00-6:30 pm | Commons Fishbowl, Table G<\/p>\n\n\n\n<figure class=\"wp-block-image size-full\"><a href=\"https:\/\/www.bates.edu\/student-affairs\/files\/2025\/09\/Screenshot-2025-09-18-122038.webp\"><img loading=\"lazy\" decoding=\"async\" width=\"716\" height=\"365\" src=\"https:\/\/www.bates.edu\/student-affairs\/files\/2025\/09\/Screenshot-2025-09-18-122038.webp\" alt=\"RLT Generic Image\" class=\"wp-image-56238\" srcset=\"https:\/\/www.bates.edu\/student-affairs\/files\/2025\/09\/Screenshot-2025-09-18-122038.webp 716w, https:\/\/www.bates.edu\/student-affairs\/files\/2025\/09\/Screenshot-2025-09-18-122038-400x204.webp 400w, https:\/\/www.bates.edu\/student-affairs\/files\/2025\/09\/Screenshot-2025-09-18-122038-200x102.webp 200w\" sizes=\"(max-width: 716px) 100vw, 716px\" \/><\/a><\/figure>\n\n\t\t\t\t<\/div>\n\t\t\t<\/div>\n\t\t<\/div>\n\t\t<div class=\"event-in-row bates_events-event\">\n\n\t\t\t<div class=\"event-image\"><img decoding=\"async\" src=\"https:\/\/www.bates.edu\/student-affairs\/files\/2025\/09\/CLT-900x506.webp\"  alt=\"Come practice your Chinese with other Bates students. All students welcome regardless of level. \n\n\n\nMondays&hellip;\"><\/div>\n\n\t\t\t<div class=\"date-header\"><span class=\"_weekday\">Wednesday<\/span> <span class=\"_month\">Nov<\/span> <span class=\"_day-of-month\">12<\/span> <span class=\"calendar-year\">2025<\/span><\/div>\n\n\t\t\t<div class=\"event-details\">\n\t\t\t\t<h4 class=\"event-title\">\n\t\t\t\t\t<a href=\"https:\/\/www.bates.edu\/student-affairs\/events\/chinese-language-table\/\">\n\t\t\t\t\t\tChinese Language Table\n\t\t\t\t\t<\/a>\n\t\t\t\t<\/h4>\n\t\t\t\t<div class=\"event-description\">\n\t\t\t\t\t<p class=\"event-times\">5:30 pm<\/p> \n\t\t\t\t\t\n\n\n<p>Come practice your Chinese with other Bates students. All students welcome regardless of level. <\/p>\n\n\n\n<p>Mondays and Wednesdays | 5:30-7 | Commons Fishbowl Room<\/p>\n\n\n\n<figure class=\"wp-block-image size-large\"><a href=\"https:\/\/www.bates.edu\/student-affairs\/files\/2025\/09\/CLT-1.webp\"><img loading=\"lazy\" decoding=\"async\" width=\"900\" height=\"506\" src=\"https:\/\/www.bates.edu\/student-affairs\/files\/2025\/09\/CLT-1-900x506.webp\" alt=\"Chinese Language Table Generic Image\" class=\"wp-image-56113\" srcset=\"https:\/\/www.bates.edu\/student-affairs\/files\/2025\/09\/CLT-1-900x506.webp 900w, https:\/\/www.bates.edu\/student-affairs\/files\/2025\/09\/CLT-1-400x225.webp 400w, https:\/\/www.bates.edu\/student-affairs\/files\/2025\/09\/CLT-1-768x432.webp 768w, https:\/\/www.bates.edu\/student-affairs\/files\/2025\/09\/CLT-1-1116x628.jpg 1116w, https:\/\/www.bates.edu\/student-affairs\/files\/2025\/09\/CLT-1-1536x864.webp 1536w, https:\/\/www.bates.edu\/student-affairs\/files\/2025\/09\/CLT-1.webp 1920w\" sizes=\"(max-width: 900px) 100vw, 900px\" \/><\/a><\/figure>\n\n\t\t\t\t<\/div>\n\t\t\t<\/div>\n\t\t<\/div>\n\t\t<\/div><!-- .bates-events-day-wrapper --><div class=\"bates-events-day-wrapper\"><div class=\"event-in-row bates_events-event\">\n\n\t\t\t<div class=\"event-image\"><img decoding=\"async\" src=\"https:\/\/www.bates.edu\/student-affairs\/files\/2025\/10\/Screenshot-2025-10-30-100558.webp\"  alt=\"PRE-REGISTRATION REQUIRED\n\n\n\nSummer@BSME&nbsp;is a six-week summer program in Budapest, Hungary, designed for undergraduates, recent graduates, and&hellip;\"><\/div>\n\n\t\t\t<div class=\"date-header\"><span class=\"_weekday\">Tuesday<\/span> <span class=\"_month\">Nov<\/span> <span class=\"_day-of-month\">11<\/span> <span class=\"calendar-year\">2025<\/span><\/div>\n\n\t\t\t<div class=\"event-details\">\n\t\t\t\t<h4 class=\"event-title\">\n\t\t\t\t\t<a href=\"https:\/\/www.bates.edu\/student-affairs\/events\/virtual-info-session-budapest-semesters-in-math-education-bsme\/\">\n\t\t\t\t\t\tVirtual Info Session: Budapest Semesters in Math Education (BSME)\n\t\t\t\t\t<\/a>\n\t\t\t\t<\/h4>\n\t\t\t\t<div class=\"event-description\">\n\t\t\t\t\t<p class=\"event-times\">12:00 pm<\/p> \n\t\t\t\t\tPRE-REGISTRATION REQUIRED\n\n\n\nSummer@BSME&nbsp;is a six-week summer program in Budapest, Hungary, designed for undergraduates, recent graduates, and in-service teachers interested in the learning and teaching of secondary mathematics. Participants take a variety&hellip;\n\t\t\t\t<\/div>\n\t\t\t<\/div>\n\t\t<\/div>\n\t\t<div class=\"event-in-row bates_events-event\">\n\n\t\t\t<div class=\"event-image\"><img decoding=\"async\" src=\"https:\/\/www.bates.edu\/student-affairs\/files\/2025\/10\/Screenshot-2025-10-30-082747.webp\"  alt=\"This Short Term course will explore aspects of education in Zambia, focusing on the rural&hellip;\"><\/div>\n\n\t\t\t<div class=\"date-header\"><span class=\"_weekday\">Tuesday<\/span> <span class=\"_month\">Nov<\/span> <span class=\"_day-of-month\">11<\/span> <span class=\"calendar-year\">2025<\/span><\/div>\n\n\t\t\t<div class=\"event-details\">\n\t\t\t\t<h4 class=\"event-title\">\n\t\t\t\t\t<a href=\"https:\/\/www.bates.edu\/student-affairs\/events\/info-session-extra-cost-short-term-2026-program-rural-education-in-zambia\/\">\n\t\t\t\t\t\tInfo Session: Extra Cost Short Term 2026 Program &#8211; Rural Education in Zambia\n\t\t\t\t\t<\/a>\n\t\t\t\t<\/h4>\n\t\t\t\t<div class=\"event-description\">\n\t\t\t\t\t<p class=\"event-times\">4:15 pm<\/p> \n\t\t\t\t\tThis Short Term course will explore aspects of education in Zambia, focusing on the rural area of Kaoma in the Western Province, an under-resourced province with a comparatively low Human&hellip;\n\t\t\t\t<\/div>\n\t\t\t<\/div>\n\t\t<\/div>\n\t\t<\/div><!-- .bates-events-day-wrapper --><div class=\"bates-events-day-wrapper\"><div class=\"event-in-row bates_events-event\">\n\n\t\t\t<div class=\"event-image\"><img decoding=\"async\" src=\"https:\/\/www.bates.edu\/student-affairs\/files\/2025\/10\/queen-mary.webp\"  alt=\"Interested in studying abroad in London? Join the virtual Zoom information session to hear from&hellip;\"><\/div>\n\n\t\t\t<div class=\"date-header\"><span class=\"_weekday\">Monday<\/span> <span class=\"_month\">Nov<\/span> <span class=\"_day-of-month\">10<\/span> <span class=\"calendar-year\">2025<\/span><\/div>\n\n\t\t\t<div class=\"event-details\">\n\t\t\t\t<h4 class=\"event-title\">\n\t\t\t\t\t<a href=\"https:\/\/www.bates.edu\/student-affairs\/events\/queen-mary-university-study-abroad-info-session\/\">\n\t\t\t\t\t\tQueen Mary University Study Abroad Info Session\n\t\t\t\t\t<\/a>\n\t\t\t\t<\/h4>\n\t\t\t\t<div class=\"event-description\">\n\t\t\t\t\t<p class=\"event-times\">4:30 pm<\/p> \n\t\t\t\t\t\n\n\n<p><em>Interested in studying abroad in London? Join the <a href=\"https:\/\/qmul-ac-uk.zoom.us\/j\/87937786149\">virtual Zoom information session<\/a> to hear from a Queen Mary University information session.<\/em><br><\/p>\n\n\n\n<p><\/p>\n\n\t\t\t\t<\/div>\n\t\t\t<\/div>\n\t\t<\/div>\n\t\t<div class=\"event-in-row bates_events-event\">\n\n\t\t\t<div class=\"event-image\"><img decoding=\"async\" src=\"https:\/\/www.bates.edu\/student-affairs\/files\/2025\/10\/Screenshot-2025-10-30-132704.webp\"  alt=\"As part of International Education Week, we encourage you to drop by the Ronj coffeehouse&hellip;\"><\/div>\n\n\t\t\t<div class=\"date-header\"><span class=\"_weekday\">Monday<\/span> <span class=\"_month\">Nov<\/span> <span class=\"_day-of-month\">10<\/span> <span class=\"calendar-year\">2025<\/span><\/div>\n\n\t\t\t<div class=\"event-details\">\n\t\t\t\t<h4 class=\"event-title\">\n\t\t\t\t\t<a href=\"https:\/\/www.bates.edu\/student-affairs\/events\/local-global-meet-and-greet-with-two-vice-presidents\/\">\n\t\t\t\t\t\tLattes w\/Leaders\n\t\t\t\t\t<\/a>\n\t\t\t\t<\/h4>\n\t\t\t\t<div class=\"event-description\">\n\t\t\t\t\t<p class=\"event-times\">7:00 pm<\/p> \n\t\t\t\t\tAs part of International Education Week, we encourage you to drop by the Ronj coffeehouse and connect with two Bates leaders who bring unique experiences from beyond the United States.&hellip;\n\t\t\t\t<\/div>\n\t\t\t<\/div>\n\t\t<\/div>\n\t\t<\/div><!-- .bates-events-day-wrapper --><div class=\"bates-events-day-wrapper\"><div class=\"event-in-row bates_events-event\">\n\n\t\t\t<div class=\"event-image\"><img decoding=\"async\" src=\"https:\/\/www.bates.edu\/student-affairs\/files\/2025\/09\/Screenshot-2025-10-27-132111.webp\"  alt=\"DIWALI DIWALI&#x2728; Light up your night with yummy food, great music, and some spectacular performances&hellip;\"><\/div>\n\n\t\t\t<div class=\"date-header\"><span class=\"_weekday\">Saturday<\/span> <span class=\"_month\">Nov<\/span> <span class=\"_day-of-month\">8<\/span> <span class=\"calendar-year\">2025<\/span><\/div>\n\n\t\t\t<div class=\"event-details\">\n\t\t\t\t<h4 class=\"event-title\">\n\t\t\t\t\t<a href=\"https:\/\/www.bates.edu\/student-affairs\/events\/diwali-celebration\/\">\n\t\t\t\t\t\tDiwali &#8211; the Festival of Lights\n\t\t\t\t\t<\/a>\n\t\t\t\t<\/h4>\n\t\t\t\t<div class=\"event-description\">\n\t\t\t\t\t<p class=\"event-times\">7:00 pm<\/p> \n\t\t\t\t\tDIWALI DIWALI&#x2728; Light up your night with yummy food, great music, and some spectacular performances and dance! Bring your friends and dress to impress &#x1f929;We can\u2019t wait to see you&hellip;\n\t\t\t\t<\/div>\n\t\t\t<\/div>\n\t\t<\/div>\n\t\t<\/div><!-- .bates-events-day-wrapper --><div class=\"bates-events-day-wrapper\"><div class=\"event-in-row bates_events-event\">\n\n\t\t\t<div class=\"event-image\"><img decoding=\"async\" src=\"https:\/\/www.bates.edu\/student-affairs\/files\/2025\/10\/Picture1.webp\"  alt=\"Look for the International Education Week themed postcards at this month&#039;s First Friday Notes! \n\n\n\n\n\n\n\nWell-Being&hellip;\"><\/div>\n\n\t\t\t<div class=\"date-header\"><span class=\"_weekday\">Friday<\/span> <span class=\"_month\">Nov<\/span> <span class=\"_day-of-month\">7<\/span> <span class=\"calendar-year\">2025<\/span><\/div>\n\n\t\t\t<div class=\"event-details\">\n\t\t\t\t<h4 class=\"event-title\">\n\t\t\t\t\t<a href=\"https:\/\/www.bates.edu\/student-affairs\/events\/iew-postcards-first-friday-gratitude-notes\/\">\n\t\t\t\t\t\tIEW Postcards @ First Friday Gratitude Notes\n\t\t\t\t\t<\/a>\n\t\t\t\t<\/h4>\n\t\t\t\t<div class=\"event-description\">\n\t\t\t\t\t<p class=\"event-times\">11:00 am<\/p> \n\t\t\t\t\tLook for the International Education Week themed postcards at this month&#8217;s First Friday Notes! \n\n\n\n\n\n\n\nWell-Being at Bates sponsors First Friday Notes each month, allowing members of the campus community to&hellip;\n\t\t\t\t<\/div>\n\t\t\t<\/div>\n\t\t<\/div>\n\t\t<div class=\"event-in-row bates_events-event\">\n\n\t\t\t<div class=\"event-image\"><img decoding=\"async\" src=\"https:\/\/www.bates.edu\/student-affairs\/files\/2025\/09\/Screenshot-2025-10-27-131555.webp\"  alt=\"Step into the Africana MET Gala. A night of elegance, culture, good food and unforgettable&hellip;\"><\/div>\n\n\t\t\t<div class=\"date-header\"><span class=\"_weekday\">Friday<\/span> <span class=\"_month\">Nov<\/span> <span class=\"_day-of-month\">7<\/span> <span class=\"calendar-year\">2025<\/span><\/div>\n\n\t\t\t<div class=\"event-details\">\n\t\t\t\t<h4 class=\"event-title\">\n\t\t\t\t\t<a href=\"https:\/\/www.bates.edu\/student-affairs\/events\/afrogala\/\">\n\t\t\t\t\t\tAfricana Met Gala\n\t\t\t\t\t<\/a>\n\t\t\t\t<\/h4>\n\t\t\t\t<div class=\"event-description\">\n\t\t\t\t\t<p class=\"event-times\">10:00 pm<\/p> \n\t\t\t\t\tStep into the Africana MET Gala. A night of elegance, culture, good food and unforgettable music.&#x2728; Come dressed to impress and dance the night away with DJ Uche. You do&hellip;\n\t\t\t\t<\/div>\n\t\t\t<\/div>\n\t\t<\/div>\n\t\t<\/div><!-- .bates-events-day-wrapper --><\/div>","protected":false},"excerpt":{"rendered":"<p>2025 &#8211; Past Events<\/p>\n","protected":false},"author":1431,"featured_media":55992,"parent":0,"menu_order":0,"comment_status":"closed","ping_status":"closed","template":"","meta":{"_hide_ai_chatbot":false,"_ai_chatbot_style":"","associated_faculty":[],"_Page_Specific_Css":"","_bates_restrict_mod":false,"_dimp_site_id":"","_dimp_override_contact":false,"_table_of_contents_display":false,"_table_of_contents_location":"","_table_of_contents_disableSticky":false,"_is_featured":false,"footnotes":"","_bates_seo_meta_description":"","_bates_seo_block_robots":false,"_bates_seo_sharing_image_id":0,"_bates_seo_sharing_image_twitter_id":0,"_bates_seo_share_title":"","_bates_seo_canonical_overwrite":"","_bates_seo_twitter_template":""},"class_list":["post-56012","page","type-page","status-publish","has-post-thumbnail","hentry"],"_links":{"self":[{"href":"https:\/\/www.bates.edu\/student-affairs\/wp-json\/wp\/v2\/pages\/56012","targetHints":{"allow":["GET"]}}],"collection":[{"href":"https:\/\/www.bates.edu\/student-affairs\/wp-json\/wp\/v2\/pages"}],"about":[{"href":"https:\/\/www.bates.edu\/student-affairs\/wp-json\/wp\/v2\/types\/page"}],"author":[{"embeddable":true,"href":"https:\/\/www.bates.edu\/student-affairs\/wp-json\/wp\/v2\/users\/1431"}],"replies":[{"embeddable":true,"href":"https:\/\/www.bates.edu\/student-affairs\/wp-json\/wp\/v2\/comments?post=56012"}],"version-history":[{"count":42,"href":"https:\/\/www.bates.edu\/student-affairs\/wp-json\/wp\/v2\/pages\/56012\/revisions"}],"predecessor-version":[{"id":56484,"href":"https:\/\/www.bates.edu\/student-affairs\/wp-json\/wp\/v2\/pages\/56012\/revisions\/56484"}],"wp:featuredmedia":[{"embeddable":true,"href":"https:\/\/www.bates.edu\/student-affairs\/wp-json\/wp\/v2\/media\/55992"}],"wp:attachment":[{"href":"https:\/\/www.bates.edu\/student-affairs\/wp-json\/wp\/v2\/media?parent=56012"}],"curies":[{"name":"wp","href":"https:\/\/api.w.org\/{rel}","templated":true}]}}